{"id":1652,"date":"2024-03-02T10:56:22","date_gmt":"2024-03-02T09:56:22","guid":{"rendered":"http:\/\/gite-courtillas.fr\/?page_id=1652"},"modified":"2025-10-14T07:07:47","modified_gmt":"2025-10-14T05:07:47","slug":"informations-pour-les-hotes-directs","status":"publish","type":"page","link":"https:\/\/gite-courtillas.fr\/index.php\/infos-pratiques\/informations-pour-les-hotes-directs\/","title":{"rendered":"Informations pour les h\u00f4tes directs"},"content":{"rendered":"\n<p class=\"has-vivid-red-color has-text-color has-large-font-size\">Arriv\u00e9e<\/p>\n\n\n\n<ul class=\"wp-block-list\">\n<li>Vous \u00eates attendus \u00e0 partir de 16h<\/li>\n\n\n\n<li>Merci de nous informer de votre heure approximative d&rsquo;arriv\u00e9e quelques jours avant votre arriv\u00e9e<\/li>\n\n\n\n<li>Merci de nous informer par mail et dans la mesure du possible de vos \u00e9ventuels changement d&rsquo;horaire (embouteillages &#8230;.)<\/li>\n\n\n\n<li>Nous invitons \u00e0 consulter la rubrique \u00ab\u00a0<a href=\"http:\/\/gite-courtillas.fr\/index.php\/infos-pratiques\/pour-venir\/\" target=\"_blank\" rel=\"noreferrer noopener\">Pour venir<\/a>\u00a0\u00bb sur notre site<\/li>\n<\/ul>\n\n\n\n<p class=\"has-vivid-red-color has-text-color has-link-color has-large-font-size wp-elements-4022d167028cda104f12397bdee236ee\">D\u00e9part<\/p>\n\n\n\n<p>Afin de pr\u00e9parer le g\u00eete pour les occupants vous succ\u00e9dant, nous vous demandons de quitter les lieux pour 11 heures dernier d\u00e9lai. Nous vous demandons de :<\/p>\n\n\n\n<ul class=\"wp-block-list\">\n<li>D\u00e9poser les sacs poubelles et les verres dans le local poubelle<\/li>\n\n\n\n<li>Mettre (en tas, sans plier) la literie, les tapis de bain et les torchons, au rez de chauss\u00e9e.<\/li>\n<\/ul>\n\n\n\n<p class=\"has-vivid-red-color has-text-color has-large-font-size\">Informations sur le s\u00e9jour<\/p>\n\n\n\n<ul class=\"wp-block-list\">\n<li>A votre arriv\u00e9e nous ferons ensemble le tour de la propri\u00e9t\u00e9 et nous vous communiquerons quelques consignes<\/li>\n\n\n\n<li>Cependant nous vous invitons, avant votre s\u00e9jour, \u00e0 consulter sur notre site <a href=\"https:\/\/drive.google.com\/file\/d\/1TzBZ7AzPs4E_3QCQii24sk5R3f_sKwgz\/view?usp=sharing\" target=\"_blank\" rel=\"noreferrer noopener\">le guide d&rsquo;accueil<\/a> dont vous trouverez une version papier dans le g\u00eete.  <\/li>\n\n\n\n<li>Nous rappelons qu&rsquo;\u00e0 compter du 10 Avril (approximativement) le g\u00eete passe en mode \u00ab\u00a0\u00e9t\u00e9\u00a0\u00bb et qu&rsquo;il n&rsquo;y a d&rsquo;autre chauffage que l&rsquo;insert (sauf salle de bain o\u00f9 le s\u00e8che-serviettes soufflant reste op\u00e9rationnel)<\/li>\n\n\n\n<li>Nous rappelons que nous ne fournissons pas de linge de toilette.<\/li>\n\n\n\n<li>La cafeti\u00e8re est de type \u00ab\u00a0Tassimo\u00a0\u00bb cependant une cafeti\u00e8re filtre \u00ab\u00a0standard\u00a0\u00bb reste \u00e0 disposition.<\/li>\n\n\n\n<li>Si vous \u00eates abonn\u00e9 \u00e0 un service de TV payant (Canal+, Netflix, Disney+ &#8230;) venez avec vos codes. Le d\u00e9codeur permet l&rsquo;acc\u00e8s \u00e0 tous les services<\/li>\n<\/ul>\n\n\n\n<p class=\"has-vivid-red-color has-text-color has-large-font-size\"><\/p>\n","protected":false},"excerpt":{"rendered":"<p>Arriv\u00e9e D\u00e9part Afin de pr\u00e9parer le g\u00eete pour les occupants vous succ\u00e9dant, nous vous demandons de quitter les lieux pour 11 heures dernier d\u00e9lai. Nous vous demandons de : Informations sur le s\u00e9jour <a class=\"continue-reading-link\" href=\"https:\/\/gite-courtillas.fr\/index.php\/infos-pratiques\/informations-pour-les-hotes-directs\/\">En lire plus &#8230;.<\/a><\/p>\n","protected":false},"author":1,"featured_media":0,"parent":39,"menu_order":0,"comment_status":"closed","ping_status":"closed","template":"","meta":{"footnotes":""},"class_list":["post-1652","page","type-page","status-publish","hentry"],"yoast_head":"<!-- This site is optimized with the Yoast SEO plugin v22.0 - https:\/\/yoast.com\/wordpress\/plugins\/seo\/ -->\n<title>Informations pour les h\u00f4tes directs - Gite de Courtillas<\/title>\n<meta name=\"robots\" content=\"index, follow, max-snippet:-1, max-image-preview:large, max-video-preview:-1\" \/>\n<link rel=\"canonical\" href=\"http:\/\/gite-courtillas.fr\/index.php\/infos-pratiques\/informations-pour-les-hotes-directs\/\" \/>\n<meta property=\"og:locale\" content=\"fr_FR\" \/>\n<meta property=\"og:type\" content=\"article\" \/>\n<meta property=\"og:title\" content=\"Informations pour les h\u00f4tes directs - Gite de Courtillas\" \/>\n<meta property=\"og:description\" content=\"Arriv\u00e9e D\u00e9part Afin de pr\u00e9parer le g\u00eete pour les occupants vous succ\u00e9dant, nous vous demandons de quitter les lieux pour 11 heures dernier d\u00e9lai. Nous vous demandons de : Informations sur le s\u00e9jour En lire plus ....\" \/>\n<meta property=\"og:url\" content=\"http:\/\/gite-courtillas.fr\/index.php\/infos-pratiques\/informations-pour-les-hotes-directs\/\" \/>\n<meta property=\"og:site_name\" content=\"Gite de Courtillas\" \/>\n<meta property=\"article:publisher\" content=\"https:\/\/www.facebook.com\/Le-Gite-192389200812938\/\" \/>\n<meta property=\"article:modified_time\" content=\"2025-10-14T05:07:47+00:00\" \/>\n<meta property=\"og:image\" content=\"https:\/\/gite-courtillas.fr\/wp-content\/uploads\/2015\/12\/P1000437-1024x768.jpg\" \/>\n\t<meta property=\"og:image:width\" content=\"1024\" \/>\n\t<meta property=\"og:image:height\" content=\"768\" \/>\n\t<meta property=\"og:image:type\" content=\"image\/jpeg\" \/>\n<meta name=\"twitter:card\" content=\"summary_large_image\" \/>\n<meta name=\"twitter:label1\" content=\"Dur\u00e9e de lecture estim\u00e9e\" \/>\n\t<meta name=\"twitter:data1\" content=\"2 minutes\" \/>\n<script type=\"application\/ld+json\" class=\"yoast-schema-graph\">{\"@context\":\"https:\/\/schema.org\",\"@graph\":[{\"@type\":\"WebPage\",\"@id\":\"http:\/\/gite-courtillas.fr\/index.php\/infos-pratiques\/informations-pour-les-hotes-directs\/\",\"url\":\"http:\/\/gite-courtillas.fr\/index.php\/infos-pratiques\/informations-pour-les-hotes-directs\/\",\"name\":\"Informations pour les h\u00f4tes directs - Gite de Courtillas\",\"isPartOf\":{\"@id\":\"http:\/\/gite-courtillas.fr\/#website\"},\"datePublished\":\"2024-03-02T09:56:22+00:00\",\"dateModified\":\"2025-10-14T05:07:47+00:00\",\"breadcrumb\":{\"@id\":\"http:\/\/gite-courtillas.fr\/index.php\/infos-pratiques\/informations-pour-les-hotes-directs\/#breadcrumb\"},\"inLanguage\":\"fr-FR\",\"potentialAction\":[{\"@type\":\"ReadAction\",\"target\":[\"http:\/\/gite-courtillas.fr\/index.php\/infos-pratiques\/informations-pour-les-hotes-directs\/\"]}]},{\"@type\":\"BreadcrumbList\",\"@id\":\"http:\/\/gite-courtillas.fr\/index.php\/infos-pratiques\/informations-pour-les-hotes-directs\/#breadcrumb\",\"itemListElement\":[{\"@type\":\"ListItem\",\"position\":1,\"name\":\"Accueil\",\"item\":\"http:\/\/gite-courtillas.fr\/\"},{\"@type\":\"ListItem\",\"position\":2,\"name\":\"Infos pratiques\",\"item\":\"https:\/\/gite-courtillas.fr\/index.php\/infos-pratiques\/\"},{\"@type\":\"ListItem\",\"position\":3,\"name\":\"Informations pour les h\u00f4tes directs\"}]},{\"@type\":\"WebSite\",\"@id\":\"http:\/\/gite-courtillas.fr\/#website\",\"url\":\"http:\/\/gite-courtillas.fr\/\",\"name\":\"Gite de Courtillas\",\"description\":\"Tourisme vert et baignades en Charente\",\"publisher\":{\"@id\":\"http:\/\/gite-courtillas.fr\/#organization\"},\"potentialAction\":[{\"@type\":\"SearchAction\",\"target\":{\"@type\":\"EntryPoint\",\"urlTemplate\":\"http:\/\/gite-courtillas.fr\/?s={search_term_string}\"},\"query-input\":\"required name=search_term_string\"}],\"inLanguage\":\"fr-FR\"},{\"@type\":\"Organization\",\"@id\":\"http:\/\/gite-courtillas.fr\/#organization\",\"name\":\"Gite de Courtillas\",\"url\":\"http:\/\/gite-courtillas.fr\/\",\"logo\":{\"@type\":\"ImageObject\",\"inLanguage\":\"fr-FR\",\"@id\":\"http:\/\/gite-courtillas.fr\/#\/schema\/logo\/image\/\",\"url\":\"http:\/\/gite-courtillas.fr\/wp-content\/uploads\/2015\/12\/cropped-Gite_Courtillas_Access_lite.jpg\",\"contentUrl\":\"http:\/\/gite-courtillas.fr\/wp-content\/uploads\/2015\/12\/cropped-Gite_Courtillas_Access_lite.jpg\",\"width\":512,\"height\":512,\"caption\":\"Gite de Courtillas\"},\"image\":{\"@id\":\"http:\/\/gite-courtillas.fr\/#\/schema\/logo\/image\/\"},\"sameAs\":[\"https:\/\/www.facebook.com\/Le-Gite-192389200812938\/\"]}]}<\/script>\n<!-- \/ Yoast SEO plugin. -->","yoast_head_json":{"title":"Informations pour les h\u00f4tes directs - Gite de Courtillas","robots":{"index":"index","follow":"follow","max-snippet":"max-snippet:-1","max-image-preview":"max-image-preview:large","max-video-preview":"max-video-preview:-1"},"canonical":"http:\/\/gite-courtillas.fr\/index.php\/infos-pratiques\/informations-pour-les-hotes-directs\/","og_locale":"fr_FR","og_type":"article","og_title":"Informations pour les h\u00f4tes directs - Gite de Courtillas","og_description":"Arriv\u00e9e D\u00e9part Afin de pr\u00e9parer le g\u00eete pour les occupants vous succ\u00e9dant, nous vous demandons de quitter les lieux pour 11 heures dernier d\u00e9lai. Nous vous demandons de : Informations sur le s\u00e9jour En lire plus ....","og_url":"http:\/\/gite-courtillas.fr\/index.php\/infos-pratiques\/informations-pour-les-hotes-directs\/","og_site_name":"Gite de Courtillas","article_publisher":"https:\/\/www.facebook.com\/Le-Gite-192389200812938\/","article_modified_time":"2025-10-14T05:07:47+00:00","og_image":[{"width":1024,"height":768,"url":"https:\/\/gite-courtillas.fr\/wp-content\/uploads\/2015\/12\/P1000437-1024x768.jpg","type":"image\/jpeg"}],"twitter_card":"summary_large_image","twitter_misc":{"Dur\u00e9e de lecture estim\u00e9e":"2 minutes"},"schema":{"@context":"https:\/\/schema.org","@graph":[{"@type":"WebPage","@id":"http:\/\/gite-courtillas.fr\/index.php\/infos-pratiques\/informations-pour-les-hotes-directs\/","url":"http:\/\/gite-courtillas.fr\/index.php\/infos-pratiques\/informations-pour-les-hotes-directs\/","name":"Informations pour les h\u00f4tes directs - Gite de Courtillas","isPartOf":{"@id":"http:\/\/gite-courtillas.fr\/#website"},"datePublished":"2024-03-02T09:56:22+00:00","dateModified":"2025-10-14T05:07:47+00:00","breadcrumb":{"@id":"http:\/\/gite-courtillas.fr\/index.php\/infos-pratiques\/informations-pour-les-hotes-directs\/#breadcrumb"},"inLanguage":"fr-FR","potentialAction":[{"@type":"ReadAction","target":["http:\/\/gite-courtillas.fr\/index.php\/infos-pratiques\/informations-pour-les-hotes-directs\/"]}]},{"@type":"BreadcrumbList","@id":"http:\/\/gite-courtillas.fr\/index.php\/infos-pratiques\/informations-pour-les-hotes-directs\/#breadcrumb","itemListElement":[{"@type":"ListItem","position":1,"name":"Accueil","item":"http:\/\/gite-courtillas.fr\/"},{"@type":"ListItem","position":2,"name":"Infos pratiques","item":"https:\/\/gite-courtillas.fr\/index.php\/infos-pratiques\/"},{"@type":"ListItem","position":3,"name":"Informations pour les h\u00f4tes directs"}]},{"@type":"WebSite","@id":"http:\/\/gite-courtillas.fr\/#website","url":"http:\/\/gite-courtillas.fr\/","name":"Gite de Courtillas","description":"Tourisme vert et baignades en Charente","publisher":{"@id":"http:\/\/gite-courtillas.fr\/#organization"},"potentialAction":[{"@type":"SearchAction","target":{"@type":"EntryPoint","urlTemplate":"http:\/\/gite-courtillas.fr\/?s={search_term_string}"},"query-input":"required name=search_term_string"}],"inLanguage":"fr-FR"},{"@type":"Organization","@id":"http:\/\/gite-courtillas.fr\/#organization","name":"Gite de Courtillas","url":"http:\/\/gite-courtillas.fr\/","logo":{"@type":"ImageObject","inLanguage":"fr-FR","@id":"http:\/\/gite-courtillas.fr\/#\/schema\/logo\/image\/","url":"http:\/\/gite-courtillas.fr\/wp-content\/uploads\/2015\/12\/cropped-Gite_Courtillas_Access_lite.jpg","contentUrl":"http:\/\/gite-courtillas.fr\/wp-content\/uploads\/2015\/12\/cropped-Gite_Courtillas_Access_lite.jpg","width":512,"height":512,"caption":"Gite de Courtillas"},"image":{"@id":"http:\/\/gite-courtillas.fr\/#\/schema\/logo\/image\/"},"sameAs":["https:\/\/www.facebook.com\/Le-Gite-192389200812938\/"]}]}},"jetpack_sharing_enabled":true,"_links":{"self":[{"href":"https:\/\/gite-courtillas.fr\/index.php\/wp-json\/wp\/v2\/pages\/1652","targetHints":{"allow":["GET"]}}],"collection":[{"href":"https:\/\/gite-courtillas.fr\/index.php\/wp-json\/wp\/v2\/pages"}],"about":[{"href":"https:\/\/gite-courtillas.fr\/index.php\/wp-json\/wp\/v2\/types\/page"}],"author":[{"embeddable":true,"href":"https:\/\/gite-courtillas.fr\/index.php\/wp-json\/wp\/v2\/users\/1"}],"replies":[{"embeddable":true,"href":"https:\/\/gite-courtillas.fr\/index.php\/wp-json\/wp\/v2\/comments?post=1652"}],"version-history":[{"count":7,"href":"https:\/\/gite-courtillas.fr\/index.php\/wp-json\/wp\/v2\/pages\/1652\/revisions"}],"predecessor-version":[{"id":1738,"href":"https:\/\/gite-courtillas.fr\/index.php\/wp-json\/wp\/v2\/pages\/1652\/revisions\/1738"}],"up":[{"embeddable":true,"href":"https:\/\/gite-courtillas.fr\/index.php\/wp-json\/wp\/v2\/pages\/39"}],"wp:attachment":[{"href":"https:\/\/gite-courtillas.fr\/index.php\/wp-json\/wp\/v2\/media?parent=1652"}],"curies":[{"name":"wp","href":"https:\/\/api.w.org\/{rel}","templated":true}]}}